{"id":131,"date":"2025-11-20T05:41:33","date_gmt":"2025-11-20T04:41:33","guid":{"rendered":"https:\/\/rezept.dr-pape.de\/?page_id=131"},"modified":"2025-12-15T02:17:45","modified_gmt":"2025-12-15T01:17:45","slug":"datenschutz","status":"publish","type":"page","link":"https:\/\/rezept.dr-pape.de\/tr\/datenschutz\/","title":{"rendered":"Veri korumas\u0131"},"content":{"rendered":"<div data-elementor-type=\"wp-page\" data-elementor-id=\"131\" class=\"elementor elementor-131\" data-elementor-post-type=\"page\">\n\t\t\t\t<div class=\"elementor-element elementor-element-e698e82 e-con-full e-flex e-con e-parent\" data-id=\"e698e82\" data-element_type=\"container\" data-e-type=\"container\">\n\t\t<div class=\"elementor-element elementor-element-95b3591 e-con-full e-flex e-con e-child\" data-id=\"95b3591\" data-element_type=\"container\" data-e-type=\"container\">\n\t\t\t\t<\/div>\n\t\t<div class=\"elementor-element elementor-element-b980279 e-con-full e-flex e-con e-child\" data-id=\"b980279\" data-element_type=\"container\" data-e-type=\"container\">\n\t\t\t\t<div class=\"elementor-element elementor-element-0dd0e08 elementor-widget elementor-widget-text-editor\" data-id=\"0dd0e08\" data-element_type=\"widget\" data-e-type=\"widget\" data-widget_type=\"text-editor.default\">\n\t\t\t\t\t\t\t\t\t<h1><span style=\"color: #000000;\">VER\u0130 KORUMASI<\/span><\/h1><h2 id=\"datenschutzerklarung\" class=\"wp-block-heading\"><span style=\"color: #000000;\">G\u0130ZL\u0130L\u0130K POL\u0130T\u0130KASI<\/span><\/h2><h6><span style=\"color: #000000;\">Veri koruma yasalar\u0131, \u00f6zellikle AB Genel Veri Koruma T\u00fcz\u00fc\u011f\u00fc (GDPR) anlam\u0131nda sorumlu kurulu\u015f:<\/span><\/h6><h6><span style=\"color: #000000;\">Dr. med. Hartmut Pape, Max-S\u00e4ume-Str. 1, 28327 Bremen <a title=\"bask\u0131\" href=\"https:\/\/dr-pape.de\/impressum\/\">(ayr\u0131ca bask\u0131ya bak\u0131n\u0131z)<\/a><\/span><\/h6><h2 id=\"ihre-betroffenenrechte\" class=\"wp-block-heading\"><span style=\"color: #000000;\">VER\u0130 SAH\u0130B\u0130 OLARAK HAKLARINIZ<\/span><\/h2><h6><span style=\"color: #000000;\">Veri koruma sorumlumuza sa\u011flad\u0131\u011f\u0131n\u0131z ileti\u015fim bilgilerini kullanarak a\u015fa\u011f\u0131daki haklar\u0131n\u0131z\u0131 istedi\u011finiz zaman kullanabilirsiniz:<\/span><\/h6><ul><li><h6><span style=\"color: #000000;\">Bizde saklanan verileriniz ve bunlar\u0131n i\u015flenmesi hakk\u0131nda bilgi (GDPR Madde 15),<\/span><\/h6><\/li><li><h6><span style=\"color: #000000;\">Yanl\u0131\u015f ki\u015fisel verilerin d\u00fczeltilmesi (GDPR Madde 16),<\/span><\/h6><\/li><li><h6><span style=\"color: #000000;\">Bizde saklanan verilerinizin silinmesi (GDPR Madde 17),<\/span><\/h6><\/li><li><h6><span style=\"color: #000000;\">Yasal y\u00fck\u00fcml\u00fcl\u00fckler nedeniyle verilerinizi hen\u00fcz silemiyorsak veri i\u015flemenin k\u0131s\u0131tlanmas\u0131 (GDPR Madde 18),<\/span><\/h6><\/li><li><h6><span style=\"color: #000000;\">Verilerinizin taraf\u0131m\u0131zca i\u015flenmesine itiraz etme hakk\u0131 (GDPR Madde 21) ve<\/span><\/h6><\/li><li><h6><span style=\"color: #000000;\">Veri ta\u015f\u0131nabilirli\u011fi, veri i\u015flemeye onay vermeniz veya bizimle bir s\u00f6zle\u015fme imzalaman\u0131z ko\u015fuluyla (GDPR Madde 20).<\/span><\/h6><\/li><\/ul><h6><span style=\"color: #000000;\">Bize onay verdiyseniz, bunu gelece\u011fe y\u00f6nelik olarak istedi\u011finiz zaman geri alabilirsiniz.<\/span><\/h6><h6><span style=\"color: #000000;\">\u0130stedi\u011finiz zaman bir denetim makam\u0131na, \u00f6rne\u011fin ya\u015fad\u0131\u011f\u0131n\u0131z federal eyaletin yetkili denetim makam\u0131na veya veri sorumlusu olarak bizden sorumlu makama \u015fikayette bulunabilirsiniz.<\/span><\/h6><h6><span style=\"color: #000000;\">Adresleriyle birlikte denetim otoritelerinin (kamu d\u0131\u015f\u0131 sekt\u00f6r i\u00e7in) listesine \u015fu adresten ula\u015f\u0131labilir:\u00a0<a style=\"color: #000000;\" href=\"https:\/\/www.bfdi.bund.de\/DE\/Infothek\/Anschriften_Links\/anschriften_links-node.html\" target=\"_blank\" rel=\"noreferrer noopener\">https:\/\/www.bfdi.bund.de\/DE\/Infothek\/Anschriften_Links\/anschriften_links-node.html<\/a>.<\/span><\/h6><h2 id=\"verwendung-von-google-maps\" class=\"wp-block-heading\"><span style=\"color: #000000;\">GOOGLE HAR\u0130TALAR&#039;I KULLANMA<\/span><\/h2><h3 id=\"art-und-zweck-der-verarbeitung\" class=\"wp-block-heading\"><span style=\"color: #000000;\">\u0130\u015flemenin t\u00fcr\u00fc ve amac\u0131:<\/span><\/h3><h6><span style=\"color: #000000;\">Bu web sitesi Google Haritalar&#039;\u0131 kullanmaktad\u0131r. Google Haritalar, 1600 Amphitheatre Parkway, Mountain View, CA 94043, ABD adresindeki Google LLC (bundan b\u00f6yle &quot;Google&quot; olarak an\u0131lacakt\u0131r) taraf\u0131ndan i\u015fletilmektedir. Bu, etkile\u015fimli haritalar\u0131 do\u011frudan web sitesinde g\u00f6r\u00fcnt\u00fclememizi ve harita i\u015flevini rahat\u00e7a kullanman\u0131z\u0131 sa\u011flar.<\/span><\/h6><h6><span style=\"color: #000000;\">Google&#039;\u0131n veri i\u015fleme faaliyetleri hakk\u0131nda daha fazla bilgiye buradan ula\u015fabilirsiniz.\u00a0<a style=\"color: #000000;\" href=\"http:\/\/www.google.com\/privacypolicy.html\">Google gizlilik politikas\u0131<\/a>\u00a0Bu bilgilere buradan ula\u015fabilirsiniz. Ayr\u0131ca gizlilik merkezinden ki\u015fisel gizlilik ayarlar\u0131n\u0131z\u0131 da de\u011fi\u015ftirebilirsiniz.<\/span><\/h6><h6><span style=\"color: #000000;\">Google \u00fcr\u00fcnleriyle ba\u011flant\u0131l\u0131 olarak kendi verilerinizi y\u00f6netmeye ili\u015fkin ayr\u0131nt\u0131l\u0131 talimatlar.<a style=\"color: #000000;\" href=\"http:\/\/www.dataliberation.org\/\">\u00a0Bunlar\u0131 burada bulabilirsiniz<\/a>.<\/span><\/h6><h3 id=\"rechtsgrundlage\" class=\"wp-block-heading\"><span style=\"color: #000000;\">Hukuki dayanak:<\/span><\/h3><h6><span style=\"color: #000000;\">Google Haritalar&#039;\u0131n entegrasyonunun ve buna ba\u011fl\u0131 olarak Google&#039;a veri aktar\u0131m\u0131n\u0131n yasal dayana\u011f\u0131 sizin onay\u0131n\u0131zd\u0131r (GDPR Madde 6 para. 1 lit. a).<\/span><\/h6><h3 id=\"empfanger\" class=\"wp-block-heading\"><span style=\"color: #000000;\">Al\u0131c\u0131:<\/span><\/h3><h6><span style=\"color: #000000;\">Web sitemizi ziyaret etti\u011finizde, Google, web sitemizin ilgili alt sayfas\u0131na eri\u015fti\u011finiz bilgisini al\u0131r. Bu, Google&#039;\u0131n oturum a\u00e7t\u0131\u011f\u0131n\u0131z bir kullan\u0131c\u0131 hesab\u0131 sa\u011flay\u0131p sa\u011flamad\u0131\u011f\u0131ndan veya bir kullan\u0131c\u0131 hesab\u0131n\u0131n mevcut olup olmad\u0131\u011f\u0131ndan ba\u011f\u0131ms\u0131z olarak ger\u00e7ekle\u015fir. Google&#039;da oturum a\u00e7t\u0131ysan\u0131z, verileriniz do\u011frudan hesab\u0131n\u0131zla ili\u015fkilendirilir.<\/span><\/h6><h6><span style=\"color: #000000;\">Etkinli\u011finizin Google profilinizle ili\u015fkilendirilmesini istemiyorsan\u0131z, d\u00fc\u011fmeyi etkinle\u015ftirmeden \u00f6nce Google&#039;dan \u00e7\u0131k\u0131\u015f yapman\u0131z gerekir. Google, verilerinizi kullan\u0131c\u0131 profilleri olarak saklar ve bunlar\u0131 reklam, pazar ara\u015ft\u0131rmas\u0131 ve\/veya web sitesini kullan\u0131c\u0131 ihtiya\u00e7lar\u0131na g\u00f6re uyarlamak amac\u0131yla kullan\u0131r. Bu analiz, \u00f6zellikle (oturum a\u00e7mam\u0131\u015f kullan\u0131c\u0131lar i\u00e7in bile) hedefli reklam sunmak ve sosyal a\u011fdaki di\u011fer kullan\u0131c\u0131lar\u0131 web sitemizdeki etkinlikleriniz hakk\u0131nda bilgilendirmek amac\u0131yla ger\u00e7ekle\u015ftirilir. Bu kullan\u0131c\u0131 profillerinin olu\u015fturulmas\u0131na itiraz etme hakk\u0131n\u0131z vard\u0131r ve bu hakk\u0131 kullanmak i\u00e7in Google ile ileti\u015fime ge\u00e7melisiniz.<\/span><\/h6><h3 id=\"speicherdauer\" class=\"wp-block-heading\"><span style=\"color: #000000;\">Saklama s\u00fcresi:<\/span><\/h3><h6><span style=\"color: #000000;\">Google Haritalar ve formlar\u0131n entegrasyonu arac\u0131l\u0131\u011f\u0131yla ki\u015fisel veriler topluyoruz. Sa\u011flanan veriler 7 g\u00fcn sonra kal\u0131c\u0131 olarak silinecektir.<\/span><\/h6><h3 id=\"drittlandtransfer\" class=\"wp-block-heading\"><span style=\"color: #000000;\">\u00dc\u00e7\u00fcnc\u00fc \u00fclkeye transfer:<\/span><\/h3><h6><span style=\"color: #000000;\">Google verilerinizi ABD&#039;de i\u015fler ve AB-ABD Gizlilik Kalkan\u0131&#039;na uymay\u0131 taahh\u00fct eder.\u00a0<a style=\"color: #000000;\" href=\"https:\/\/www.privacyshield.gov\/EU-US-Framework\">https:\/\/www.privacyshield.gov\/EU-US-Framework<\/a>.<\/span><\/h6><h3 id=\"widerruf-der-einwilligung\" class=\"wp-block-heading\"><span style=\"color: #000000;\">Onay\u0131n geri al\u0131nmas\u0131:<\/span><\/h3><h6><span style=\"color: #000000;\">Google&#039;\u0131n web sitemiz arac\u0131l\u0131\u011f\u0131yla hakk\u0131n\u0131zdaki verileri toplamas\u0131n\u0131, i\u015flemesini veya kullanmas\u0131n\u0131 istemiyorsan\u0131z, taray\u0131c\u0131 ayarlar\u0131n\u0131zdan JavaScript&#039;i devre d\u0131\u015f\u0131 b\u0131rakabilirsiniz. Ancak bu durumda, web sitemizi hi\u00e7 kullanamayabilir veya yaln\u0131zca s\u0131n\u0131rl\u0131 \u00f6l\u00e7\u00fcde kullanabilirsiniz.<\/span><\/h6><h3 id=\"bereitstellung-vorgeschrieben-oder-erforderlich\" class=\"wp-block-heading\"><span style=\"color: #000000;\">Gerekli veya zorunlu olan h\u00fck\u00fcm:<\/span><\/h3><h6><span style=\"color: #000000;\">Ki\u015fisel verilerinizin sa\u011flanmas\u0131 g\u00f6n\u00fcll\u00fcl\u00fck esas\u0131na dayan\u0131r ve yaln\u0131zca sizin onay\u0131n\u0131za ba\u011fl\u0131d\u0131r. Eri\u015fimi engellemeniz, web sitesinin i\u015flevselli\u011finin k\u0131s\u0131tlanmas\u0131na neden olabilir.<\/span><\/h6><h3 data-start=\"239\" data-end=\"322\"><span style=\"color: #000000;\"><strong data-start=\"243\" data-end=\"322\">\u00c7evrimi\u00e7i re\u00e7ete talepleri kapsam\u0131nda ki\u015fisel verilerin i\u015flenmesi<\/strong><\/span><\/h3><h6 data-start=\"324\" data-end=\"720\"><span style=\"color: #000000;\">Online re\u00e7ete talep formunu kullan\u0131rsan\u0131z, aile hekimli\u011fi taraf\u0131ndan i\u015fleme al\u0131nacakt\u0131r. <strong data-start=\"410\" data-end=\"435\">Dr. med. Hartmut Pape<\/strong>, Max-S\u00e4ume-Str. 1, 28327 Bremen, talebinizi almak, profesyonel olarak incelemek ve i\u015fleme koymak amac\u0131yla girdi\u011finiz ki\u015fisel verileri (\u00f6zellikle ileti\u015fim bilgilerini) kullan\u0131yoruz.<\/span><br data-start=\"637\" data-end=\"640\" \/><span style=\"color: #000000;\">Hukuki dayanak, GDPR&#039;nin 6. maddesinin 1. f\u0131kras\u0131n\u0131n a bendi uyar\u0131nca verdi\u011finiz onayd\u0131r.<\/span><\/h6><h6 data-start=\"722\" data-end=\"1066\"><span style=\"color: #000000;\">Veriler yaln\u0131zca muayenehanemiz b\u00fcnyesinde i\u015flenir ve yasal bir zorunluluk olmad\u0131\u011f\u0131 s\u00fcrece \u00fc\u00e7\u00fcnc\u00fc ki\u015filerle payla\u015f\u0131lmaz.<\/span><br data-start=\"876\" data-end=\"879\" \/><span style=\"color: #000000;\">Veriler belirli bir s\u00fcre boyunca saklan\u0131r <strong data-start=\"926\" data-end=\"954\">alt\u0131 (6) aya kadar<\/strong> ve daha uzun s\u00fcreli yasal saklama y\u00fck\u00fcml\u00fcl\u00fckleri olmad\u0131\u011f\u0131 s\u00fcrece veriler silinecektir.<\/span><\/h6><h6 data-start=\"1068\" data-end=\"1438\"><span style=\"color: #000000;\">Bilgi edinme, d\u00fczeltme, silme, i\u015flemenin k\u0131s\u0131tlanmas\u0131, veri ta\u015f\u0131nabilirli\u011fi ve veri koruma denetim otoritesine \u015fikayette bulunma hakk\u0131na sahipsiniz. Ayr\u0131ca, geri \u00e7ekmeden \u00f6nce ger\u00e7ekle\u015ftirilen i\u015flemin yasall\u0131\u011f\u0131n\u0131 etkilemeden, gelecekte ge\u00e7erli olmak \u00fczere istedi\u011finiz zaman onay\u0131n\u0131z\u0131 geri \u00e7ekebilirsiniz.<\/span><\/h6><h2 id=\"ssl-verschlusselung\" class=\"wp-block-heading\"><span style=\"color: #000000;\">SSL \u015fifrelemesi<\/span><\/h2><h6><span style=\"color: #000000;\">Verilerinizin iletimi s\u0131ras\u0131nda g\u00fcvenli\u011fini sa\u011flamak i\u00e7in HTTPS \u00fczerinden en son teknoloji \u015fifreleme y\u00f6ntemlerini (\u00f6rne\u011fin SSL) kullan\u0131yoruz.<\/span><\/h6><h2 id=\"anderung-unserer-datenschutzbestimmungen\" class=\"wp-block-heading\"><span style=\"color: #000000;\">G\u0130ZL\u0130L\u0130K POL\u0130T\u0130KAMIZDAK\u0130 DE\u011e\u0130\u015e\u0130KL\u0130KLER<\/span><\/h2><h6><span style=\"color: #000000;\">G\u00fcncel yasal gerekliliklere her zaman uyumlu olmas\u0131n\u0131 sa\u011flamak veya yeni hizmetlerin sunulmas\u0131 gibi hizmetlerimizdeki de\u011fi\u015fiklikleri yans\u0131tmak i\u00e7in bu gizlilik politikas\u0131n\u0131 de\u011fi\u015ftirme hakk\u0131m\u0131z\u0131 sakl\u0131 tutar\u0131z. Yeni gizlilik politikas\u0131, bir sonraki ziyaretinizde ge\u00e7erli olacakt\u0131r.<\/span><\/h6><h2 id=\"fragen-an-den-datenschutzbeauftragten\" class=\"wp-block-heading\"><span style=\"color: #000000;\">VER\u0130 KORUMA G\u00d6REVL\u0130S\u0130N\u0130N SORULARI<\/span><\/h2><h6><span style=\"color: #000000;\">Veri korumas\u0131yla ilgili herhangi bir sorunuz varsa l\u00fctfen bize bir e-posta g\u00f6nderin veya kurulu\u015fumuzdaki veri korumas\u0131ndan sorumlu ki\u015fiyle do\u011frudan ileti\u015fime ge\u00e7in:<\/span><\/h6><h6 id=\"page_1800_cont_11\"><span style=\"color: #000000;\"><strong>Veri Koruma G\u00f6revlisi<\/strong>:<\/span><br \/><span style=\"color: #000000;\">Bay Hartmut Pape<\/span><br \/><span style=\"color: #000000;\">Max-S\u00e4ume-Str. 1<\/span><br \/><span style=\"color: #000000;\">28327 Bremen<\/span><br \/><span style=\"color: #000000;\">E-posta:\u00a0<a style=\"color: #000000;\" href=\"mailto:info@dr-pape.de\">info@dr-pape.de<\/a><\/span><\/h6><h6 id=\"page_1800_cont_12\"><span style=\"color: #000000;\"><strong>Yetkili denetim makam\u0131:<\/strong><\/span><br \/><span style=\"color: #000000;\">Bremen \u00d6zg\u00fcr Hansa \u015eehri Veri Koruma ve Bilgi \u00d6zg\u00fcrl\u00fc\u011f\u00fc Devlet Komiseri<\/span><br \/><span style=\"color: #000000;\">Arndtstr. 1<\/span><br \/><span style=\"color: #000000;\">27570 Bremerhaven<\/span><br \/><span style=\"color: #000000;\">Tel. 0471-5962010<\/span><\/h6>\t\t\t\t\t\t\t\t<\/div>\n\t\t\t\t<\/div>\n\t\t<div class=\"elementor-element elementor-element-f71333b e-con-full e-flex e-con e-child\" data-id=\"f71333b\" data-element_type=\"container\" data-e-type=\"container\">\n\t\t\t\t<\/div>\n\t\t\t\t<\/div>\n\t\t\t\t<\/div>","protected":false},"excerpt":{"rendered":"<p>DATENSCHUTZ DATENSCHUTZERKL\u00c4RUNG Verantwortliche Stelle im Sinne der Datenschutzgesetze, insbesondere der EU-Datenschutzgrundverordnung (DSGVO), ist: Dr. med. Hartmut Pape, Max-S\u00e4ume-Str.1, 28327 Bremen (siehe auch Impressum) IHRE BETROFFENENRECHTE Unter den angegebenen Kontaktdaten unseres Datenschutzbeauftragten k\u00f6nnen Sie jederzeit folgende Rechte aus\u00fcben: Auskunft \u00fcber Ihre bei uns gespeicherten Daten und deren Verarbeitung (Art. 15 DSGVO), Berichtigung unrichtiger personenbezogener Daten (Art. [&hellip;]<\/p>\n","protected":false},"author":1,"featured_media":0,"parent":0,"menu_order":0,"comment_status":"closed","ping_status":"closed","template":"elementor_header_footer","meta":{"footnotes":""},"class_list":["post-131","page","type-page","status-publish","hentry"],"_links":{"self":[{"href":"https:\/\/rezept.dr-pape.de\/tr\/wp-json\/wp\/v2\/pages\/131","targetHints":{"allow":["GET"]}}],"collection":[{"href":"https:\/\/rezept.dr-pape.de\/tr\/wp-json\/wp\/v2\/pages"}],"about":[{"href":"https:\/\/rezept.dr-pape.de\/tr\/wp-json\/wp\/v2\/types\/page"}],"author":[{"embeddable":true,"href":"https:\/\/rezept.dr-pape.de\/tr\/wp-json\/wp\/v2\/users\/1"}],"replies":[{"embeddable":true,"href":"https:\/\/rezept.dr-pape.de\/tr\/wp-json\/wp\/v2\/comments?post=131"}],"version-history":[{"count":10,"href":"https:\/\/rezept.dr-pape.de\/tr\/wp-json\/wp\/v2\/pages\/131\/revisions"}],"predecessor-version":[{"id":2047,"href":"https:\/\/rezept.dr-pape.de\/tr\/wp-json\/wp\/v2\/pages\/131\/revisions\/2047"}],"wp:attachment":[{"href":"https:\/\/rezept.dr-pape.de\/tr\/wp-json\/wp\/v2\/media?parent=131"}],"curies":[{"name":"wp","href":"https:\/\/api.w.org\/{rel}","templated":true}]}}