{"id":131,"date":"2025-11-20T05:41:33","date_gmt":"2025-11-20T04:41:33","guid":{"rendered":"https:\/\/rezept.dr-pape.de\/?page_id=131"},"modified":"2025-12-15T02:17:45","modified_gmt":"2025-12-15T01:17:45","slug":"datenschutz","status":"publish","type":"page","link":"https:\/\/rezept.dr-pape.de\/fr\/datenschutz\/","title":{"rendered":"Protection des donn\u00e9es"},"content":{"rendered":"<div data-elementor-type=\"wp-page\" data-elementor-id=\"131\" class=\"elementor elementor-131\" data-elementor-post-type=\"page\">\n\t\t\t\t<div class=\"elementor-element elementor-element-e698e82 e-con-full e-flex e-con e-parent\" data-id=\"e698e82\" data-element_type=\"container\" data-e-type=\"container\">\n\t\t<div class=\"elementor-element elementor-element-95b3591 e-con-full e-flex e-con e-child\" data-id=\"95b3591\" data-element_type=\"container\" data-e-type=\"container\">\n\t\t\t\t<\/div>\n\t\t<div class=\"elementor-element elementor-element-b980279 e-con-full e-flex e-con e-child\" data-id=\"b980279\" data-element_type=\"container\" data-e-type=\"container\">\n\t\t\t\t<div class=\"elementor-element elementor-element-0dd0e08 elementor-widget elementor-widget-text-editor\" data-id=\"0dd0e08\" data-element_type=\"widget\" data-e-type=\"widget\" data-widget_type=\"text-editor.default\">\n\t\t\t\t\t\t\t\t\t<h1><span style=\"color: #000000;\">DATENSCHUTZ<\/span><\/h1><h2 id=\"datenschutzerklarung\" class=\"wp-block-heading\"><span style=\"color: #000000;\">DATENSCHUTZERKL\u00c4RUNG<\/span><\/h2><h6><span style=\"color: #000000;\">Verantwortliche Stelle im Sinne der Datenschutzgesetze, insbesondere der EU-Datenschutzgrundverordnung (DSGVO), ist:<\/span><\/h6><h6><span style=\"color: #000000;\">Dr. med. Hartmut Pape, Max-S\u00e4ume-Str.1, 28327 Bremen <a title=\"imprimer\" href=\"https:\/\/dr-pape.de\/impressum\/\">(siehe auch Impressum)<\/a><\/span><\/h6><h2 id=\"ihre-betroffenenrechte\" class=\"wp-block-heading\"><span style=\"color: #000000;\">IHRE BETROFFENENRECHTE<\/span><\/h2><h6><span style=\"color: #000000;\">Unter den angegebenen Kontaktdaten unseres Datenschutzbeauftragten k\u00f6nnen Sie jederzeit folgende Rechte aus\u00fcben:<\/span><\/h6><ul><li><h6><span style=\"color: #000000;\">Auskunft \u00fcber Ihre bei uns gespeicherten Daten und deren Verarbeitung (Art. 15 DSGVO),<\/span><\/h6><\/li><li><h6><span style=\"color: #000000;\">Berichtigung unrichtiger personenbezogener Daten (Art. 16 DSGVO),<\/span><\/h6><\/li><li><h6><span style=\"color: #000000;\">L\u00f6schung Ihrer bei uns gespeicherten Daten (Art. 17 DSGVO),<\/span><\/h6><\/li><li><h6><span style=\"color: #000000;\">Einschr\u00e4nkung der Datenverarbeitung, sofern wir Ihre Daten aufgrund gesetzlicher Pflichten noch nicht l\u00f6schen d\u00fcrfen (Art. 18 DSGVO),<\/span><\/h6><\/li><li><h6><span style=\"color: #000000;\">Widerspruch gegen die Verarbeitung Ihrer Daten bei uns (Art. 21 DSGVO) und<\/span><\/h6><\/li><li><h6><span style=\"color: #000000;\">Daten\u00fcbertragbarkeit, sofern Sie in die Datenverarbeitung eingewilligt haben oder einen Vertrag mit uns abgeschlossen haben (Art. 20 DSGVO).<\/span><\/h6><\/li><\/ul><h6><span style=\"color: #000000;\">Sofern Sie uns eine Einwilligung erteilt haben, k\u00f6nnen Sie diese jederzeit mit Wirkung f\u00fcr die Zukunft widerrufen.<\/span><\/h6><h6><span style=\"color: #000000;\">Sie k\u00f6nnen sich jederzeit mit einer Beschwerde an eine Aufsichtsbeh\u00f6rde wenden, z. B. an die zust\u00e4ndige Aufsichtsbeh\u00f6rde des Bundeslands Ihres Wohnsitzes oder an die f\u00fcr uns als verantwortliche Stelle zust\u00e4ndige Beh\u00f6rde.<\/span><\/h6><h6><span style=\"color: #000000;\">Eine Liste der Aufsichtsbeh\u00f6rden (f\u00fcr den nicht\u00f6ffentlichen Bereich) mit Anschrift finden Sie unter:\u00a0<a style=\"color: #000000;\" href=\"https:\/\/www.bfdi.bund.de\/DE\/Infothek\/Anschriften_Links\/anschriften_links-node.html\" target=\"_blank\" rel=\"noreferrer noopener\">https:\/\/www.bfdi.bund.de\/DE\/Infothek\/Anschriften_Links\/anschriften_links-node.html<\/a>.<\/span><\/h6><h2 id=\"verwendung-von-google-maps\" class=\"wp-block-heading\"><span style=\"color: #000000;\">VERWENDUNG VON GOOGLE MAPS<\/span><\/h2><h3 id=\"art-und-zweck-der-verarbeitung\" class=\"wp-block-heading\"><span style=\"color: #000000;\">Art und Zweck der Verarbeitung:<\/span><\/h3><h6><span style=\"color: #000000;\">Auf dieser Webseite nutzen wir das Angebot von Google Maps. Google Maps wird von Google LLC, 1600 Amphitheatre Parkway, Mountain View, CA 94043, USA (nachfolgend \u201eGoogle\u201c) betrieben. Dadurch k\u00f6nnen wir Ihnen interaktive Karten direkt in der Webseite anzeigen und erm\u00f6glichen Ihnen die komfortable Nutzung der Karten-Funktion.<\/span><\/h6><h6><span style=\"color: #000000;\">N\u00e4here Informationen \u00fcber die Datenverarbeitung durch Google k\u00f6nnen Sie\u00a0<a style=\"color: #000000;\" href=\"http:\/\/www.google.com\/privacypolicy.html\">den Google-Datenschutzhinweisen<\/a>\u00a0entnehmen. Dort k\u00f6nnen Sie im Datenschutzcenter auch Ihre pers\u00f6nlichen Datenschutz-Einstellungen ver\u00e4ndern.<\/span><\/h6><h6><span style=\"color: #000000;\">Ausf\u00fchrliche Anleitungen zur Verwaltung der eigenen Daten im Zusammenhang mit Google-Produkten<a style=\"color: #000000;\" href=\"http:\/\/www.dataliberation.org\/\">\u00a0finden Sie hier<\/a>.<\/span><\/h6><h3 id=\"rechtsgrundlage\" class=\"wp-block-heading\"><span style=\"color: #000000;\">Rechtsgrundlage:<\/span><\/h3><h6><span style=\"color: #000000;\">Rechtsgrundlage f\u00fcr die Einbindung von Google Maps und dem damit verbundenen Datentransfer zu Google ist Ihre Einwilligung (Art. 6 Abs. 1 lit. a DSGVO).<\/span><\/h6><h3 id=\"empfanger\" class=\"wp-block-heading\"><span style=\"color: #000000;\">Empf\u00e4nger:<\/span><\/h3><h6><span style=\"color: #000000;\">Durch den Besuch der Webseite erh\u00e4lt Google Informationen, dass Sie die entsprechende Unterseite unserer Webseite aufgerufen haben. Dies erfolgt unabh\u00e4ngig davon, ob Google ein Nutzerkonto bereitstellt, \u00fcber das Sie eingeloggt sind, oder ob keine Nutzerkonto besteht. Wenn Sie bei Google eingeloggt sind, werden Ihre Daten direkt Ihrem Konto zugeordnet.<\/span><\/h6><h6><span style=\"color: #000000;\">Wenn Sie die Zuordnung in Ihrem Profil bei Google nicht w\u00fcnschen, m\u00fcssen Sie sich vor Aktivierung des Buttons bei Google ausloggen. Google speichert Ihre Daten als Nutzungsprofile und nutzt sie f\u00fcr Zwecke der Werbung, Marktforschung und\/oder bedarfsgerechter Gestaltung seiner Webseite. Eine solche Auswertung erfolgt insbesondere (selbst f\u00fcr nicht eingeloggte Nutzer) zur Erbringung bedarfsgerechter Werbung und um andere Nutzer des sozialen Netzwerks \u00fcber Ihre Aktivit\u00e4ten auf unserer Webseite zu informieren. Ihnen steht ein Widerspruchsrecht zu gegen die Bildung dieser Nutzerprofile, wobei Sie sich zur Aus\u00fcbung dessen an Google richten m\u00fcssen.<\/span><\/h6><h3 id=\"speicherdauer\" class=\"wp-block-heading\"><span style=\"color: #000000;\">Speicherdauer:<\/span><\/h3><h6><span style=\"color: #000000;\">Wir erheben personenbezogenen Daten, durch die Einbindung von Google Maps und Formularen. Die angegebenen Daten werden nach einem Zeitraum von 7 Tagen endg\u00fcltig gel\u00f6scht werden.<\/span><\/h6><h3 id=\"drittlandtransfer\" class=\"wp-block-heading\"><span style=\"color: #000000;\">Drittlandtransfer:<\/span><\/h3><h6><span style=\"color: #000000;\">Google verarbeitet Ihre Daten in den USA und hat sich dem EU_US Privacy Shield unterworfen\u00a0<a style=\"color: #000000;\" href=\"https:\/\/www.privacyshield.gov\/EU-US-Framework\">https:\/\/www.privacyshield.gov\/EU-US-Framework<\/a>.<\/span><\/h6><h3 id=\"widerruf-der-einwilligung\" class=\"wp-block-heading\"><span style=\"color: #000000;\">Widerruf der Einwilligung:<\/span><\/h3><h6><span style=\"color: #000000;\">Wenn Sie nicht m\u00f6chten, dass Google \u00fcber unseren Internetauftritt Daten \u00fcber Sie erhebt, verarbeitet oder nutzt, k\u00f6nnen Sie in Ihrem Browsereinstellungen JavaScript deaktivieren. In diesem Fall k\u00f6nnen Sie unsere Webseite jedoch nicht oder nur eingeschr\u00e4nkt nutzen.<\/span><\/h6><h3 id=\"bereitstellung-vorgeschrieben-oder-erforderlich\" class=\"wp-block-heading\"><span style=\"color: #000000;\">Bereitstellung vorgeschrieben oder erforderlich:<\/span><\/h3><h6><span style=\"color: #000000;\">Die Bereitstellung Ihrer personenbezogenen Daten erfolgt freiwillig, allein auf Basis Ihrer Einwilligung. Sofern Sie den Zugriff unterbinden, kann es hierdurch zu Funktionseinschr\u00e4nkungen auf der Website kommen.<\/span><\/h6><h3 data-start=\"239\" data-end=\"322\"><span style=\"color: #000000;\"><strong data-start=\"243\" data-end=\"322\">Verarbeitung von personenbezogenen Daten im Rahmen der Online-Rezeptanfrage<\/strong><\/span><\/h3><h6 data-start=\"324\" data-end=\"720\"><span style=\"color: #000000;\">Wenn Sie das Online-Formular zur Rezeptanfrage nutzen, verarbeitet die Hausarztpraxis <strong data-start=\"410\" data-end=\"435\">Dr. med. Hartmut Pape<\/strong>, Max-S\u00e4ume-Str. 1, 28327 Bremen, die von Ihnen eingegebenen personenbezogenen Daten (insbesondere Kontaktdaten), um Ihre Anfrage entgegenzunehmen, fachlich zu pr\u00fcfen und zu bearbeiten.<\/span><br data-start=\"637\" data-end=\"640\" \/><span style=\"color: #000000;\">Rechtsgrundlage ist Ihre gem\u00e4\u00df Art. 6 Abs. 1 lit. a DSGVO erteilte Einwilligung.<\/span><\/h6><h6 data-start=\"722\" data-end=\"1066\"><span style=\"color: #000000;\">Die Daten werden ausschlie\u00dflich innerhalb der Praxis verarbeitet und nicht an Dritte weitergegeben, sofern keine gesetzliche Verpflichtung hierzu besteht.<\/span><br data-start=\"876\" data-end=\"879\" \/><span style=\"color: #000000;\">Die Speicherung erfolgt f\u00fcr einen Zeitraum von <strong data-start=\"926\" data-end=\"954\">bis zu sechs (6) Monaten<\/strong> und die Daten werden anschlie\u00dfend gel\u00f6scht, sofern keine l\u00e4ngeren gesetzlichen Aufbewahrungspflichten bestehen.<\/span><\/h6><h6 data-start=\"1068\" data-end=\"1438\"><span style=\"color: #000000;\">Sie haben das Recht auf Auskunft, Berichtigung, L\u00f6schung, Einschr\u00e4nkung der Verarbeitung, Daten\u00fcbertragbarkeit sowie das Recht auf Beschwerde bei einer Datenschutzaufsichtsbeh\u00f6rde. Dar\u00fcber hinaus k\u00f6nnen Sie eine erteilte Einwilligung jederzeit mit Wirkung f\u00fcr die Zukunft widerrufen, ohne dass die Rechtm\u00e4\u00dfigkeit der bis zum Widerruf erfolgten Verarbeitung ber\u00fchrt wird.<\/span><\/h6><h2 id=\"ssl-verschlusselung\" class=\"wp-block-heading\"><span style=\"color: #000000;\">SSL-VERSCHL\u00dcSSELUNG<\/span><\/h2><h6><span style=\"color: #000000;\">Um die Sicherheit Ihrer Daten bei der \u00dcbertragung zu sch\u00fctzen, verwenden wir dem aktuellen Stand der Technik entsprechende Verschl\u00fcsselungsverfahren (z. B. SSL) \u00fcber HTTPS.<\/span><\/h6><h2 id=\"anderung-unserer-datenschutzbestimmungen\" class=\"wp-block-heading\"><span style=\"color: #000000;\">\u00c4NDERUNG UNSERER DATENSCHUTZBESTIMMUNGEN<\/span><\/h2><h6><span style=\"color: #000000;\">Wir behalten uns vor, diese Datenschutzerkl\u00e4rung anzupassen, damit sie stets den aktuellen rechtlichen Anforderungen entspricht oder um \u00c4nderungen unserer Leistungen in der Datenschutzerkl\u00e4rung umzusetzen, z.B. bei der Einf\u00fchrung neuer Services. F\u00fcr Ihren erneuten Besuch gilt dann die neue Datenschutzerkl\u00e4rung.<\/span><\/h6><h2 id=\"fragen-an-den-datenschutzbeauftragten\" class=\"wp-block-heading\"><span style=\"color: #000000;\">FRAGEN AN DEN DATENSCHUTZBEAUFTRAGTEN<\/span><\/h2><h6><span style=\"color: #000000;\">Wenn Sie Fragen zum Datenschutz haben, schreiben Sie uns bitte eine E-Mail oder wenden Sie sich direkt an die f\u00fcr den Datenschutz verantwortliche Person in unserer Organisation:<\/span><\/h6><h6 id=\"page_1800_cont_11\"><span style=\"color: #000000;\"><strong>Datenschutzbeauftragter<\/strong>:<\/span><br \/><span style=\"color: #000000;\">Herr Hartmut Pape<\/span><br \/><span style=\"color: #000000;\">Max-S\u00e4ume-Str.1<\/span><br \/><span style=\"color: #000000;\">28327 Bremen<\/span><br \/><span style=\"color: #000000;\">E-Mail:\u00a0<a style=\"color: #000000;\" href=\"mailto:info@dr-pape.de\">info@dr-pape.de<\/a><\/span><\/h6><h6 id=\"page_1800_cont_12\"><span style=\"color: #000000;\"><strong>Zust\u00e4ndige Aufsichtsbeh\u00f6rde:<\/strong><\/span><br \/><span style=\"color: #000000;\">Landesbeauftragte f\u00fcr Datenschutz und Informationsfreiheit der Freien Hansestadt Bremen<\/span><br \/><span style=\"color: #000000;\">Arndtstr. 1<\/span><br \/><span style=\"color: #000000;\">27570 Bremerhaven<\/span><br \/><span style=\"color: #000000;\">Tel. 0471-5962010<\/span><\/h6>\t\t\t\t\t\t\t\t<\/div>\n\t\t\t\t<\/div>\n\t\t<div class=\"elementor-element elementor-element-f71333b e-con-full e-flex e-con e-child\" data-id=\"f71333b\" data-element_type=\"container\" data-e-type=\"container\">\n\t\t\t\t<\/div>\n\t\t\t\t<\/div>\n\t\t\t\t<\/div>","protected":false},"excerpt":{"rendered":"<p>DATENSCHUTZ DATENSCHUTZERKL\u00c4RUNG Verantwortliche Stelle im Sinne der Datenschutzgesetze, insbesondere der EU-Datenschutzgrundverordnung (DSGVO), ist: Dr. med. Hartmut Pape, Max-S\u00e4ume-Str.1, 28327 Bremen (siehe auch Impressum) IHRE BETROFFENENRECHTE Unter den angegebenen Kontaktdaten unseres Datenschutzbeauftragten k\u00f6nnen Sie jederzeit folgende Rechte aus\u00fcben: Auskunft \u00fcber Ihre bei uns gespeicherten Daten und deren Verarbeitung (Art. 15 DSGVO), Berichtigung unrichtiger personenbezogener Daten (Art. [&hellip;]<\/p>\n","protected":false},"author":1,"featured_media":0,"parent":0,"menu_order":0,"comment_status":"closed","ping_status":"closed","template":"elementor_header_footer","meta":{"footnotes":""},"class_list":["post-131","page","type-page","status-publish","hentry"],"_links":{"self":[{"href":"https:\/\/rezept.dr-pape.de\/fr\/wp-json\/wp\/v2\/pages\/131","targetHints":{"allow":["GET"]}}],"collection":[{"href":"https:\/\/rezept.dr-pape.de\/fr\/wp-json\/wp\/v2\/pages"}],"about":[{"href":"https:\/\/rezept.dr-pape.de\/fr\/wp-json\/wp\/v2\/types\/page"}],"author":[{"embeddable":true,"href":"https:\/\/rezept.dr-pape.de\/fr\/wp-json\/wp\/v2\/users\/1"}],"replies":[{"embeddable":true,"href":"https:\/\/rezept.dr-pape.de\/fr\/wp-json\/wp\/v2\/comments?post=131"}],"version-history":[{"count":10,"href":"https:\/\/rezept.dr-pape.de\/fr\/wp-json\/wp\/v2\/pages\/131\/revisions"}],"predecessor-version":[{"id":2047,"href":"https:\/\/rezept.dr-pape.de\/fr\/wp-json\/wp\/v2\/pages\/131\/revisions\/2047"}],"wp:attachment":[{"href":"https:\/\/rezept.dr-pape.de\/fr\/wp-json\/wp\/v2\/media?parent=131"}],"curies":[{"name":"wp","href":"https:\/\/api.w.org\/{rel}","templated":true}]}}